{"id":106333,"date":"2021-11-10T11:15:05","date_gmt":"2021-11-10T10:15:05","guid":{"rendered":"https:\/\/www.lamolisana.it\/developpement-durable\/bilancio\/"},"modified":"2026-04-16T10:42:44","modified_gmt":"2026-04-16T08:42:44","slug":"rapport-sur-le-developpement-durable","status":"publish","type":"page","link":"https:\/\/www.lamolisana.it\/fr\/developpement-durable\/rapport-sur-le-developpement-durable\/","title":{"rendered":"Rapport sur le d\u00e9veloppement durable"},"content":{"rendered":"\t\t<div data-elementor-type=\"wp-page\" data-elementor-id=\"106333\" class=\"elementor elementor-106333 elementor-18978\" data-elementor-post-type=\"page\">\n\t\t\t\t<div class=\"elementor-element elementor-element-a56f75e e-flex e-con-boxed e-con e-child\" data-id=\"a56f75e\" data-element_type=\"container\" data-e-type=\"container\">\n\t\t\t\t\t<div class=\"e-con-inner\">\n\t\t\t\t<div class=\"elementor-element elementor-element-7c8f25a elementor-icon-list--layout-inline elementor-list-item-link-full_width elementor-widget elementor-widget-icon-list\" data-id=\"7c8f25a\" data-element_type=\"widget\" data-e-type=\"widget\" data-widget_type=\"icon-list.default\">\n\t\t\t\t<div class=\"elementor-widget-container\">\n\t\t\t\t\t\t\t<ul class=\"elementor-icon-list-items elementor-inline-items\">\n\t\t\t\t\t\t\t<li class=\"elementor-icon-list-item elementor-inline-item\">\n\t\t\t\t\t\t\t\t\t\t\t<a href=\"https:\/\/www.lamolisana.it\/fr\/\">\n\n\t\t\t\t\t\t\t\t\t\t\t\t<span class=\"elementor-icon-list-icon\">\n\t\t\t\t\t\t\t<i aria-hidden=\"true\" class=\"fas fa-chevron-right\"><\/i>\t\t\t\t\t\t<\/span>\n\t\t\t\t\t\t\t\t\t\t<span class=\"elementor-icon-list-text\">Accueil<\/span>\n\t\t\t\t\t\t\t\t\t\t\t<\/a>\n\t\t\t\t\t\t\t\t\t<\/li>\n\t\t\t\t\t\t\t\t<li class=\"elementor-icon-list-item elementor-inline-item\">\n\t\t\t\t\t\t\t\t\t\t\t<a href=\"https:\/\/www.lamolisana.it\/fr\/developpement-durable\/\">\n\n\t\t\t\t\t\t\t\t\t\t\t\t<span class=\"elementor-icon-list-icon\">\n\t\t\t\t\t\t\t<i aria-hidden=\"true\" class=\"fas fa-chevron-right\"><\/i>\t\t\t\t\t\t<\/span>\n\t\t\t\t\t\t\t\t\t\t<span class=\"elementor-icon-list-text\">D\u00e9veloppement durable<\/span>\n\t\t\t\t\t\t\t\t\t\t\t<\/a>\n\t\t\t\t\t\t\t\t\t<\/li>\n\t\t\t\t\t\t<\/ul>\n\t\t\t\t\t\t<\/div>\n\t\t\t\t<\/div>\n\t\t\t\t\t<\/div>\n\t\t\t\t<\/div>\n\t\t<div class=\"elementor-element elementor-element-621028d e-flex e-con-boxed e-con e-parent\" data-id=\"621028d\" data-element_type=\"container\" data-e-type=\"container\">\n\t\t\t\t\t<div class=\"e-con-inner\">\n\t\t<div class=\"elementor-element elementor-element-ec0efd6 e-con-full e-flex e-con e-child\" data-id=\"ec0efd6\" data-element_type=\"container\" data-e-type=\"container\">\n\t\t\t\t<div class=\"elementor-element elementor-element-00344d1 elementor-widget elementor-widget-image\" data-id=\"00344d1\" data-element_type=\"widget\" data-e-type=\"widget\" data-widget_type=\"image.default\">\n\t\t\t\t<div class=\"elementor-widget-container\">\n\t\t\t\t\t\t\t\t\t\t\t\t\t\t\t<img fetchpriority=\"high\" decoding=\"async\" width=\"1920\" height=\"800\" src=\"https:\/\/www.lamolisana.it\/wp-content\/uploads\/2026\/01\/bilancio-sostenibilita-24.webp\" class=\"attachment-full size-full wp-image-106268\" alt=\"\" srcset=\"https:\/\/www.lamolisana.it\/wp-content\/uploads\/2026\/01\/bilancio-sostenibilita-24.webp 1920w, https:\/\/www.lamolisana.it\/wp-content\/uploads\/2026\/01\/bilancio-sostenibilita-24-800x333.webp 800w, https:\/\/www.lamolisana.it\/wp-content\/uploads\/2026\/01\/bilancio-sostenibilita-24-1080x450.webp 1080w, https:\/\/www.lamolisana.it\/wp-content\/uploads\/2026\/01\/bilancio-sostenibilita-24-768x320.webp 768w, https:\/\/www.lamolisana.it\/wp-content\/uploads\/2026\/01\/bilancio-sostenibilita-24-1536x640.webp 1536w\" sizes=\"(max-width: 1920px) 100vw, 1920px\" \/>\t\t\t\t\t\t\t\t\t\t\t\t\t\t\t<\/div>\n\t\t\t\t<\/div>\n\t\t<div class=\"elementor-element elementor-element-24f77a5 e-con-full e-flex e-con e-child\" data-id=\"24f77a5\" data-element_type=\"container\" data-e-type=\"container\" data-settings=\"{&quot;background_background&quot;:&quot;classic&quot;,&quot;position&quot;:&quot;absolute&quot;}\">\n\t\t\t\t<div class=\"elementor-element elementor-element-d194689 elementor-widget elementor-widget-heading\" data-id=\"d194689\" data-element_type=\"widget\" data-e-type=\"widget\" data-widget_type=\"heading.default\">\n\t\t\t\t<div class=\"elementor-widget-container\">\n\t\t\t\t\t<h1 class=\"elementor-heading-title elementor-size-default\">Lettre aux <em><strong>parties prenantes<\/strong><\/em><\/h1>\t\t\t\t<\/div>\n\t\t\t\t<\/div>\n\t\t\t\t<\/div>\n\t\t\t\t<\/div>\n\t\t\t\t\t<\/div>\n\t\t\t\t<\/div>\n\t\t<div class=\"elementor-element elementor-element-1d647f5 e-flex e-con-boxed e-con e-parent\" data-id=\"1d647f5\" data-element_type=\"container\" data-e-type=\"container\">\n\t\t\t\t\t<div class=\"e-con-inner\">\n\t\t<div class=\"elementor-element elementor-element-dc92ba0 e-con-full e-flex e-con e-child\" data-id=\"dc92ba0\" data-element_type=\"container\" data-e-type=\"container\">\n\t\t\t\t<div class=\"elementor-element elementor-element-29f77b5 elementor-widget elementor-widget-heading\" data-id=\"29f77b5\" data-element_type=\"widget\" data-e-type=\"widget\" data-widget_type=\"heading.default\">\n\t\t\t\t<div class=\"elementor-widget-container\">\n\t\t\t\t\t<h2 class=\"elementor-heading-title elementor-size-default\">R\u00e9sum\u00e9<\/h2>\t\t\t\t<\/div>\n\t\t\t\t<\/div>\n\t\t<div class=\"elementor-element elementor-element-5af6081 e-con-full e-flex e-con e-child\" data-id=\"5af6081\" data-element_type=\"container\" data-e-type=\"container\">\n\t\t\t\t<div class=\"elementor-element elementor-element-f5f7188 elementor-widget elementor-widget-raven-button\" data-id=\"f5f7188\" data-element_type=\"widget\" data-e-type=\"widget\" data-settings=\"{&quot;turn_to_popup_action_button&quot;:&quot;no&quot;}\" data-widget_type=\"raven-button.default\">\n\t\t\t\t<div class=\"elementor-widget-container\">\n\t\t\t\t\t\t\t<div class=\"raven-widget-wrapper\">\n\t\t\t<a class=\"raven-button raven-button-widget-normal-effect-none  raven-button-text-align-left raven-button-link elementor-animation-none\" href=\"#\">\t\t\t\t<div class=\"raven-button-overlay\" ><\/div>\n\t\t\t\t<span class=\"raven-button-content\">\n\t\t\t\t\t\n\t\t\t\t\t<div class=\"button-text-container\">\n\t\t\t\t\t\t\t\t\t\t\t\t<div class=\"raven-button-texts-wrapper\">\n\t\t\t\t\t\t\t<div class=\"button-text\">\n\t\t\t\t\t\t\t\t<span class=\"raven-button-text\">\n\t\t\t\t\t\t\t\t\tLettre aux parties prenantes\t\t\t\t\t\t\t\t<\/span>\n\t\t\t\t\t\t\t<\/div>\n\t\t\t\t\t\t\t\t\t\t\t\t\t<\/div>\n\t\t\t\t\t\t\t\t\t\t\t<\/div>\n\t\t\t\t\t\n\t\t\t\t\t\t\t\t\t<\/span>\n\t\t\t<\/a>\t\t<\/div>\n\t\t\t\t\t\t<\/div>\n\t\t\t\t<\/div>\n\t\t\t\t<div class=\"elementor-element elementor-element-659ba87 elementor-widget elementor-widget-raven-button\" data-id=\"659ba87\" data-element_type=\"widget\" data-e-type=\"widget\" data-settings=\"{&quot;turn_to_popup_action_button&quot;:&quot;no&quot;}\" data-widget_type=\"raven-button.default\">\n\t\t\t\t<div class=\"elementor-widget-container\">\n\t\t\t\t\t\t\t<div class=\"raven-widget-wrapper\">\n\t\t\t<a class=\"raven-button raven-button-widget-normal-effect-none  raven-button-text-align-left raven-button-link elementor-animation-none\" href=\"https:\/\/www.lamolisana.it\/fr\/developpement-durable\/rapport-sur-le-developpement-durable\/criteres-elaboration-rapport-de-durabilite\/\">\t\t\t\t<div class=\"raven-button-overlay\" ><\/div>\n\t\t\t\t<span class=\"raven-button-content\">\n\t\t\t\t\t\n\t\t\t\t\t<div class=\"button-text-container\">\n\t\t\t\t\t\t\t\t\t\t\t\t<div class=\"raven-button-texts-wrapper\">\n\t\t\t\t\t\t\t<div class=\"button-text\">\n\t\t\t\t\t\t\t\t<span class=\"raven-button-text\">\n\t\t\t\t\t\t\t\t\tLes crit\u00e8res d'\u00e9laboration du rapport de durabilit\u00e9\t\t\t\t\t\t\t\t<\/span>\n\t\t\t\t\t\t\t<\/div>\n\t\t\t\t\t\t\t\t\t\t\t\t\t<\/div>\n\t\t\t\t\t\t\t\t\t\t\t<\/div>\n\t\t\t\t\t\n\t\t\t\t\t\t\t\t\t<\/span>\n\t\t\t<\/a>\t\t<\/div>\n\t\t\t\t\t\t<\/div>\n\t\t\t\t<\/div>\n\t\t\t\t<div class=\"elementor-element elementor-element-9c32163 elementor-widget elementor-widget-raven-button\" data-id=\"9c32163\" data-element_type=\"widget\" data-e-type=\"widget\" data-settings=\"{&quot;turn_to_popup_action_button&quot;:&quot;no&quot;}\" data-widget_type=\"raven-button.default\">\n\t\t\t\t<div class=\"elementor-widget-container\">\n\t\t\t\t\t\t\t<div class=\"raven-widget-wrapper\">\n\t\t\t<a class=\"raven-button raven-button-widget-normal-effect-none  raven-button-text-align-left raven-button-link elementor-animation-none\" href=\"https:\/\/www.lamolisana.it\/fr\/developpement-durable\/rapport-sur-le-developpement-durable\/manifeste-developpement-durable\/\">\t\t\t\t<div class=\"raven-button-overlay\" ><\/div>\n\t\t\t\t<span class=\"raven-button-content\">\n\t\t\t\t\t\n\t\t\t\t\t<div class=\"button-text-container\">\n\t\t\t\t\t\t\t\t\t\t\t\t<div class=\"raven-button-texts-wrapper\">\n\t\t\t\t\t\t\t<div class=\"button-text\">\n\t\t\t\t\t\t\t\t<span class=\"raven-button-text\">\n\t\t\t\t\t\t\t\t\tNotre manifeste pour le d\u00e9veloppement durable\t\t\t\t\t\t\t\t<\/span>\n\t\t\t\t\t\t\t<\/div>\n\t\t\t\t\t\t\t\t\t\t\t\t\t<\/div>\n\t\t\t\t\t\t\t\t\t\t\t<\/div>\n\t\t\t\t\t\n\t\t\t\t\t\t\t\t\t<\/span>\n\t\t\t<\/a>\t\t<\/div>\n\t\t\t\t\t\t<\/div>\n\t\t\t\t<\/div>\n\t\t\t\t<div class=\"elementor-element elementor-element-c2a6049 elementor-widget elementor-widget-raven-button\" data-id=\"c2a6049\" data-element_type=\"widget\" data-e-type=\"widget\" data-settings=\"{&quot;turn_to_popup_action_button&quot;:&quot;no&quot;}\" data-widget_type=\"raven-button.default\">\n\t\t\t\t<div class=\"elementor-widget-container\">\n\t\t\t\t\t\t\t<div class=\"raven-widget-wrapper\">\n\t\t\t<a class=\"raven-button raven-button-widget-normal-effect-none  raven-button-text-align-left raven-button-link elementor-animation-none\" href=\"https:\/\/www.lamolisana.it\/fr\/developpement-durable\/rapport-sur-le-developpement-durable\/parties-prenantes-consultees\/\">\t\t\t\t<div class=\"raven-button-overlay\" ><\/div>\n\t\t\t\t<span class=\"raven-button-content\">\n\t\t\t\t\t\n\t\t\t\t\t<div class=\"button-text-container\">\n\t\t\t\t\t\t\t\t\t\t\t\t<div class=\"raven-button-texts-wrapper\">\n\t\t\t\t\t\t\t<div class=\"button-text\">\n\t\t\t\t\t\t\t\t<span class=\"raven-button-text\">\n\t\t\t\t\t\t\t\t\tParties prenantes consult\u00e9es\t\t\t\t\t\t\t\t<\/span>\n\t\t\t\t\t\t\t<\/div>\n\t\t\t\t\t\t\t\t\t\t\t\t\t<\/div>\n\t\t\t\t\t\t\t\t\t\t\t<\/div>\n\t\t\t\t\t\n\t\t\t\t\t\t\t\t\t<\/span>\n\t\t\t<\/a>\t\t<\/div>\n\t\t\t\t\t\t<\/div>\n\t\t\t\t<\/div>\n\t\t\t\t<\/div>\n\t\t\t\t<\/div>\n\t\t\t\t\t<\/div>\n\t\t\t\t<\/div>\n\t\t<div class=\"elementor-element elementor-element-2984909 e-flex e-con-boxed e-con e-parent\" data-id=\"2984909\" data-element_type=\"container\" data-e-type=\"container\">\n\t\t\t\t\t<div class=\"e-con-inner\">\n\t\t<div class=\"elementor-element elementor-element-0274ed6 e-con-full e-flex e-con e-child\" data-id=\"0274ed6\" data-element_type=\"container\" data-e-type=\"container\">\n\t\t\t\t<div class=\"elementor-element elementor-element-bf536f2 elementor-widget__width-inherit elementor-widget elementor-widget-text-editor\" data-id=\"bf536f2\" data-element_type=\"widget\" data-e-type=\"widget\" data-widget_type=\"text-editor.default\">\n\t\t\t\t<div class=\"elementor-widget-container\">\n\t\t\t\t\t\t\t\t\t<p>L&rsquo;historien fran\u00e7ais Fernand Braudel disait que l&rsquo;avoir \u00e9t\u00e9 est une condition de l&rsquo;\u00eatre.<\/p>\t\t\t\t\t\t\t\t<\/div>\n\t\t\t\t<\/div>\n\t\t\t\t<div class=\"elementor-element elementor-element-d578a4c elementor-widget elementor-widget-text-editor\" data-id=\"d578a4c\" data-element_type=\"widget\" data-e-type=\"widget\" data-widget_type=\"text-editor.default\">\n\t\t\t\t<div class=\"elementor-widget-container\">\n\t\t\t\t\t\t\t\t\t<p>Si nous sommes l\u00e0, c&rsquo;est parce que d&rsquo;autres avant nous \u00e9taient l\u00e0, ont b\u00e2ti, ont fait des sacrifices, ont combattu pour nous l\u00e9guer un h\u00e9ritage qu&rsquo;il nous incombe d\u00e9sormais de prot\u00e9ger et de faire fructifier. Si nous sommes l\u00e0, c&rsquo;est parce qu&rsquo;il n&rsquo;y a pas d&rsquo;avenir sans histoire, et que l&rsquo;histoire doit \u00eatre racont\u00e9e, car elle rec\u00e8le tout\u00a0: \u00e9checs, le\u00e7ons, intuitions et avertissements. La n\u00f4tre, malgr\u00e9 ses cent ans, est une histoire aussi simple que les trois mots qui ont guid\u00e9 nos pas jusqu&rsquo;ici.<\/p>\t\t\t\t\t\t\t\t<\/div>\n\t\t\t\t<\/div>\n\t\t<div class=\"elementor-element elementor-element-5db2e39 e-con-full e-flex e-con e-child\" data-id=\"5db2e39\" data-element_type=\"container\" data-e-type=\"container\">\n\t\t<div class=\"elementor-element elementor-element-3869403 e-con-full e-flex e-con e-child\" data-id=\"3869403\" data-element_type=\"container\" data-e-type=\"container\">\n\t\t\t\t<div class=\"elementor-element elementor-element-6636d91 elementor-widget elementor-widget-heading\" data-id=\"6636d91\" data-element_type=\"widget\" data-e-type=\"widget\" data-widget_type=\"heading.default\">\n\t\t\t\t<div class=\"elementor-widget-container\">\n\t\t\t\t\t<h2 class=\"elementor-heading-title elementor-size-default\">Courage<\/h2>\t\t\t\t<\/div>\n\t\t\t\t<\/div>\n\t\t\t\t<div class=\"elementor-element elementor-element-ac6ed7c elementor-widget-divider--view-line elementor-widget elementor-widget-divider\" data-id=\"ac6ed7c\" data-element_type=\"widget\" data-e-type=\"widget\" data-widget_type=\"divider.default\">\n\t\t\t\t<div class=\"elementor-widget-container\">\n\t\t\t\t\t\t\t<div class=\"elementor-divider\">\n\t\t\t<span class=\"elementor-divider-separator\">\n\t\t\t\t\t\t<\/span>\n\t\t<\/div>\n\t\t\t\t\t\t<\/div>\n\t\t\t\t<\/div>\n\t\t\t\t<div class=\"elementor-element elementor-element-48fe67f elementor-widget elementor-widget-text-editor\" data-id=\"48fe67f\" data-element_type=\"widget\" data-e-type=\"widget\" data-widget_type=\"text-editor.default\">\n\t\t\t\t<div class=\"elementor-widget-container\">\n\t\t\t\t\t\t\t\t\t<p>C&rsquo;est une force int\u00e9rieure qui nous pousse \u00e0 d\u00e9passer nos limites ; c&rsquo;est le chemin que nous choisissons de parcourir pour d\u00e9fendre nos convictions. Le courage est la vague qui d\u00e9ferle sur le corps et redresse le dos courb\u00e9.<\/p>\t\t\t\t\t\t\t\t<\/div>\n\t\t\t\t<\/div>\n\t\t\t\t<\/div>\n\t\t<div class=\"elementor-element elementor-element-1e7ed8b e-con-full e-flex e-con e-child\" data-id=\"1e7ed8b\" data-element_type=\"container\" data-e-type=\"container\">\n\t\t\t\t<div class=\"elementor-element elementor-element-bb9430a elementor-widget elementor-widget-heading\" data-id=\"bb9430a\" data-element_type=\"widget\" data-e-type=\"widget\" data-widget_type=\"heading.default\">\n\t\t\t\t<div class=\"elementor-widget-container\">\n\t\t\t\t\t<h2 class=\"elementor-heading-title elementor-size-default\">Racines<\/h2>\t\t\t\t<\/div>\n\t\t\t\t<\/div>\n\t\t\t\t<div class=\"elementor-element elementor-element-e2ed31b elementor-widget-divider--view-line elementor-widget elementor-widget-divider\" data-id=\"e2ed31b\" data-element_type=\"widget\" data-e-type=\"widget\" data-widget_type=\"divider.default\">\n\t\t\t\t<div class=\"elementor-widget-container\">\n\t\t\t\t\t\t\t<div class=\"elementor-divider\">\n\t\t\t<span class=\"elementor-divider-separator\">\n\t\t\t\t\t\t<\/span>\n\t\t<\/div>\n\t\t\t\t\t\t<\/div>\n\t\t\t\t<\/div>\n\t\t\t\t<div class=\"elementor-element elementor-element-ec1e481 elementor-widget elementor-widget-text-editor\" data-id=\"ec1e481\" data-element_type=\"widget\" data-e-type=\"widget\" data-widget_type=\"text-editor.default\">\n\t\t\t\t<div class=\"elementor-widget-container\">\n\t\t\t\t\t\t\t\t\t<p>Avoir des racines, c&rsquo;est \u00e9prouver un sentiment d&rsquo;amour et de responsabilit\u00e9 envers sa communaut\u00e9. Les racines constituent le socle solide sur lequel b\u00e2tir quelque chose d&rsquo;une valeur inestimable, que la communaut\u00e9 elle-m\u00eame reconna\u00eet et pour lequel elle est pr\u00eate \u00e0 se battre.<\/p>\t\t\t\t\t\t\t\t<\/div>\n\t\t\t\t<\/div>\n\t\t\t\t<\/div>\n\t\t<div class=\"elementor-element elementor-element-7552555 e-con-full e-flex e-con e-child\" data-id=\"7552555\" data-element_type=\"container\" data-e-type=\"container\">\n\t\t\t\t<div class=\"elementor-element elementor-element-216f1df elementor-widget elementor-widget-heading\" data-id=\"216f1df\" data-element_type=\"widget\" data-e-type=\"widget\" data-widget_type=\"heading.default\">\n\t\t\t\t<div class=\"elementor-widget-container\">\n\t\t\t\t\t<h2 class=\"elementor-heading-title elementor-size-default\">Folie<\/h2>\t\t\t\t<\/div>\n\t\t\t\t<\/div>\n\t\t\t\t<div class=\"elementor-element elementor-element-3a816a1 elementor-widget-divider--view-line elementor-widget elementor-widget-divider\" data-id=\"3a816a1\" data-element_type=\"widget\" data-e-type=\"widget\" data-widget_type=\"divider.default\">\n\t\t\t\t<div class=\"elementor-widget-container\">\n\t\t\t\t\t\t\t<div class=\"elementor-divider\">\n\t\t\t<span class=\"elementor-divider-separator\">\n\t\t\t\t\t\t<\/span>\n\t\t<\/div>\n\t\t\t\t\t\t<\/div>\n\t\t\t\t<\/div>\n\t\t\t\t<div class=\"elementor-element elementor-element-51d217e elementor-widget elementor-widget-text-editor\" data-id=\"51d217e\" data-element_type=\"widget\" data-e-type=\"widget\" data-widget_type=\"text-editor.default\">\n\t\t\t\t<div class=\"elementor-widget-container\">\n\t\t\t\t\t\t\t\t\t<p>La folie, c&rsquo;est la t\u00e9nacit\u00e9 \u00e0 poursuivre un r\u00eave m\u00eame lorsque le chemin est sem\u00e9 d&#8217;emb\u00fbches ; c&rsquo;est croire que l&rsquo;int\u00e9grit\u00e9, l&rsquo;innovation et le m\u00e9rite finiront par donner raison.<\/p>\t\t\t\t\t\t\t\t<\/div>\n\t\t\t\t<\/div>\n\t\t\t\t<\/div>\n\t\t\t\t<\/div>\n\t\t\t\t<div class=\"elementor-element elementor-element-cdc9319 elementor-widget elementor-widget-text-editor\" data-id=\"cdc9319\" data-element_type=\"widget\" data-e-type=\"widget\" data-widget_type=\"text-editor.default\">\n\t\t\t\t<div class=\"elementor-widget-container\">\n\t\t\t\t\t\t\t\t\t<p>Les motivations et les d\u00e9fis atteignent un nouveau niveau\u00a0: g\u00e9rer directement l\u2019ensemble de la cha\u00eene d\u2019approvisionnement int\u00e9gr\u00e9e des p\u00e2tes, relancer une marque historique et cr\u00e9er de nouveaux emplois. La raison profonde pour laquelle notre famille a relev\u00e9 ce d\u00e9fi \u00e9tait le d\u00e9sir d\u2019offrir au Molise une chance de rena\u00eetre. En dix ans, nous avons reconstruit l\u2019usine de p\u00e2tes, laissant une \u00e9nergie explosive se d\u00e9ployer et transformant La Molisana en une entreprise dynamique qui n\u2019a de cesse d\u2019investir et d\u2019innover. Au fil du temps, nous avons constitu\u00e9 l\u2019\u00e9quipe n\u00e9cessaire pour relever les d\u00e9fis du march\u00e9 et faire la diff\u00e9rence, en cultivant la passion et un fort sentiment d\u2019appartenance.<\/p>\t\t\t\t\t\t\t\t<\/div>\n\t\t\t\t<\/div>\n\t\t\t\t<div class=\"elementor-element elementor-element-29743ad elementor-widget__width-inherit elementor-widget elementor-widget-text-editor\" data-id=\"29743ad\" data-element_type=\"widget\" data-e-type=\"widget\" data-widget_type=\"text-editor.default\">\n\t\t\t\t<div class=\"elementor-widget-container\">\n\t\t\t\t\t\t\t\t\t<p>Pas de miracles, juste du d\u00e9vouement, de la prise de risques et une saine folie. Voil\u00e0 notre esprit. L&rsquo;esprit tenace de ceux qui ne baissent jamais les bras face aux d\u00e9fis.<\/p>\t\t\t\t\t\t\t\t<\/div>\n\t\t\t\t<\/div>\n\t\t\t\t<\/div>\n\t\t\t\t\t<\/div>\n\t\t\t\t<\/div>\n\t\t<div class=\"elementor-element elementor-element-5133012 e-flex e-con-boxed e-con e-parent\" data-id=\"5133012\" data-element_type=\"container\" data-e-type=\"container\">\n\t\t\t\t\t<div class=\"e-con-inner\">\n\t\t\t\t<div class=\"elementor-element elementor-element-dd3d3aa elementor-widget elementor-widget-html\" data-id=\"dd3d3aa\" data-element_type=\"widget\" data-e-type=\"widget\" data-widget_type=\"html.default\">\n\t\t\t\t<div class=\"elementor-widget-container\">\n\t\t\t\t\t        <div class=\"lam-pdf-viewer-container\" \n             data-pdf-url=\"https:\/\/www.lamolisana.it\/wp-content\/uploads\/2026\/04\/bilancio_EN.pdf\"\n             data-height=\"1080\">\n            \n            <div class=\"lam-pdf-controls\">\n                <button class=\"lam-pdf-btn lam-pdf-prev\" title=\"Pagina precedente\" disabled>\n                    <span>\u25c4<\/span> Precedente\n                <\/button>\n                \n                <div class=\"lam-pdf-page-info\">\n                    <span class=\"lam-pdf-current\">-<\/span> di <span class=\"lam-pdf-total\">-<\/span>\n                <\/div>\n                \n                <button class=\"lam-pdf-btn lam-pdf-next\" title=\"Pagina successiva\">\n                    Successiva <span>\u25ba<\/span>\n                <\/button>\n                \n                <div class=\"lam-pdf-zoom-controls\">\n                    <button class=\"lam-pdf-btn lam-pdf-zoom-out\" title=\"Riduci zoom\">-<\/button>\n                    <span class=\"lam-pdf-zoom-level\" title=\"Click per reset al 100%\">100%<\/span>\n                    <button class=\"lam-pdf-btn lam-pdf-zoom-in\" title=\"Aumenta zoom\">+<\/button>\n                <\/div>\n            <\/div>\n            \n            <div class=\"lam-pdf-loading\">\n                <div class=\"lam-pdf-spinner\"><\/div>\n                <p>Caricamento documento...<\/p>\n            <\/div>\n            \n            <div class=\"lam-pdf-canvas-wrapper\">\n                <div class=\"lam-pdf-canvas-container\">\n                    <canvas id=\"lam-pdf-canvas-left\" class=\"lam-pdf-canvas\"><\/canvas>\n                    <canvas id=\"lam-pdf-canvas-right\" class=\"lam-pdf-canvas\"><\/canvas>\n                <\/div>\n            <\/div>\n            \n            <div class=\"lam-pdf-hint\">\n                \ud83d\udca1 Rotella mouse per zoom \u2022 Click + trascina per muovere \u2022 Frecce \u2190 \u2192 per cambiare pagina\n            <\/div>\n        <\/div>\n        \t\t\t\t<\/div>\n\t\t\t\t<\/div>\n\t\t\t\t\t<\/div>\n\t\t\t\t<\/div>\n\t\t<div class=\"elementor-element elementor-element-e8cd583 e-flex e-con-boxed e-con e-parent\" data-id=\"e8cd583\" data-element_type=\"container\" data-e-type=\"container\">\n\t\t\t\t\t<div class=\"e-con-inner\">\n\t\t\t\t<div class=\"elementor-element elementor-element-e311010 elementor-widget-divider--view-line_text elementor-widget-divider--element-align-center elementor-widget elementor-widget-divider\" data-id=\"e311010\" data-element_type=\"widget\" data-e-type=\"widget\" data-widget_type=\"divider.default\">\n\t\t\t\t<div class=\"elementor-widget-container\">\n\t\t\t\t\t\t\t<div class=\"elementor-divider\">\n\t\t\t<span class=\"elementor-divider-separator\">\n\t\t\t\t\t\t\t<span class=\"elementor-divider__text elementor-divider__element\">\n\t\t\t\tCela pourrait vous int\u00e9resser\t\t\t\t<\/span>\n\t\t\t\t\t\t<\/span>\n\t\t<\/div>\n\t\t\t\t\t\t<\/div>\n\t\t\t\t<\/div>\n\t\t<div class=\"elementor-element elementor-element-59ad40a e-con-full e-flex e-con e-child\" data-id=\"59ad40a\" data-element_type=\"container\" data-e-type=\"container\">\n\t\t\t\t<div class=\"elementor-element elementor-element-400e9bf elementor-cta--valign-bottom elementor-widget__width-initial elementor-cta--skin-classic elementor-animated-content elementor-bg-transform elementor-bg-transform-zoom-in elementor-widget elementor-widget-call-to-action\" data-id=\"400e9bf\" data-element_type=\"widget\" data-e-type=\"widget\" data-widget_type=\"call-to-action.default\">\n\t\t\t\t<div class=\"elementor-widget-container\">\n\t\t\t\t\t\t\t<a class=\"elementor-cta\" href=\"https:\/\/www.lamolisana.it\/fr\/filiere-integree\/\">\n\t\t\t\t\t<div class=\"elementor-cta__bg-wrapper\">\n\t\t\t\t<div class=\"elementor-cta__bg elementor-bg\" style=\"background-image: url(https:\/\/www.lamolisana.it\/wp-content\/uploads\/2025\/11\/box-sostenibilita-generale.webp);\" role=\"img\" aria-label=\"box-sostenibilita-generale\"><\/div>\n\t\t\t\t<div class=\"elementor-cta__bg-overlay\"><\/div>\n\t\t\t<\/div>\n\t\t\t\t\t\t\t<div class=\"elementor-cta__content\">\n\t\t\t\t\n\t\t\t\t\t\t\t\t\t<h2 class=\"elementor-cta__title elementor-cta__content-item elementor-content-item\">\n\t\t\t\t\t\tLa cha\u00eene d'approvisionnement int\u00e9gr\u00e9e de La Molisana\t\t\t\t\t<\/h2>\n\t\t\t\t\n\t\t\t\t\t\t\t\t\t<div class=\"elementor-cta__description elementor-cta__content-item elementor-content-item\">\n\t\t\t\t\t\tD\u00e9couvrez les lieux de mouture du bl\u00e9 et la cha\u00eene d'approvisionnement int\u00e9gr\u00e9e pour la production de p\u00e2tes.\t\t\t\t\t<\/div>\n\t\t\t\t\n\t\t\t\t\t\t\t\t\t<div class=\"elementor-cta__button-wrapper elementor-cta__content-item elementor-content-item \">\n\t\t\t\t\t<span class=\"elementor-cta__button elementor-button elementor-size-\">\n\t\t\t\t\t\tEn savoir plus\t\t\t\t\t<\/span>\n\t\t\t\t\t<\/div>\n\t\t\t\t\t\t\t<\/div>\n\t\t\t\t\t\t<\/a>\n\t\t\t\t\t\t<\/div>\n\t\t\t\t<\/div>\n\t\t\t\t<div class=\"elementor-element elementor-element-c8d2fba elementor-cta--valign-bottom elementor-widget__width-initial elementor-cta--skin-classic elementor-animated-content elementor-bg-transform elementor-bg-transform-zoom-in elementor-widget elementor-widget-call-to-action\" data-id=\"c8d2fba\" data-element_type=\"widget\" data-e-type=\"widget\" data-widget_type=\"call-to-action.default\">\n\t\t\t\t<div class=\"elementor-widget-container\">\n\t\t\t\t\t\t\t<a class=\"elementor-cta\" href=\"https:\/\/www.lamolisana.it\/fr\/filiere-integree\/la-chaine-dapprovisionnement-de-nos-pates\/\">\n\t\t\t\t\t<div class=\"elementor-cta__bg-wrapper\">\n\t\t\t\t<div class=\"elementor-cta__bg elementor-bg\" style=\"background-image: url(https:\/\/www.lamolisana.it\/wp-content\/uploads\/2025\/05\/box-filiera-pasta-1.webp);\" role=\"img\" aria-label=\"box-filiera-pasta\"><\/div>\n\t\t\t\t<div class=\"elementor-cta__bg-overlay\"><\/div>\n\t\t\t<\/div>\n\t\t\t\t\t\t\t<div class=\"elementor-cta__content\">\n\t\t\t\t\n\t\t\t\t\t\t\t\t\t<h2 class=\"elementor-cta__title elementor-cta__content-item elementor-content-item\">\n\t\t\t\t\t\tLa cha\u00eene d'approvisionnement de nos p\u00e2tes\t\t\t\t\t<\/h2>\n\t\t\t\t\n\t\t\t\t\t\t\t\t\t<div class=\"elementor-cta__description elementor-cta__content-item elementor-content-item\">\n\t\t\t\t\t\tQu\u2019entend-on par cha\u00eene d\u2019approvisionnement de p\u00e2tes\u00a0? Qu\u2019est-ce qui rend la cha\u00eene d\u2019approvisionnement int\u00e9gr\u00e9e de La Molisana si particuli\u00e8re\u00a0? D\u00e9couvrez-le dans notre analyse approfondie.\t\t\t\t\t<\/div>\n\t\t\t\t\n\t\t\t\t\t\t\t\t\t<div class=\"elementor-cta__button-wrapper elementor-cta__content-item elementor-content-item \">\n\t\t\t\t\t<span class=\"elementor-cta__button elementor-button elementor-size-\">\n\t\t\t\t\t\tEn savoir plus\t\t\t\t\t<\/span>\n\t\t\t\t\t<\/div>\n\t\t\t\t\t\t\t<\/div>\n\t\t\t\t\t\t<\/a>\n\t\t\t\t\t\t<\/div>\n\t\t\t\t<\/div>\n\t\t\t\t<div class=\"elementor-element elementor-element-62f4327 elementor-cta--valign-bottom elementor-widget__width-initial elementor-cta--skin-classic elementor-animated-content elementor-bg-transform elementor-bg-transform-zoom-in elementor-widget elementor-widget-call-to-action\" data-id=\"62f4327\" data-element_type=\"widget\" data-e-type=\"widget\" data-widget_type=\"call-to-action.default\">\n\t\t\t\t<div class=\"elementor-widget-container\">\n\t\t\t\t\t\t\t<a class=\"elementor-cta\" href=\"https:\/\/www.lamolisana.it\/fr\/filiere-integree\/notre-chaine-approvisionnement-en-ble\/\">\n\t\t\t\t\t<div class=\"elementor-cta__bg-wrapper\">\n\t\t\t\t<div class=\"elementor-cta__bg elementor-bg\" style=\"background-image: url(https:\/\/www.lamolisana.it\/wp-content\/uploads\/2025\/05\/box-filiera-grano.webp);\" role=\"img\" aria-label=\"box-filiera-grano\"><\/div>\n\t\t\t\t<div class=\"elementor-cta__bg-overlay\"><\/div>\n\t\t\t<\/div>\n\t\t\t\t\t\t\t<div class=\"elementor-cta__content\">\n\t\t\t\t\n\t\t\t\t\t\t\t\t\t<h2 class=\"elementor-cta__title elementor-cta__content-item elementor-content-item\">\n\t\t\t\t\t\tLa cha\u00eene d'approvisionnement de notre bl\u00e9\t\t\t\t\t<\/h2>\n\t\t\t\t\n\t\t\t\t\t\t\t\t\t<div class=\"elementor-cta__description elementor-cta__content-item elementor-content-item\">\n\t\t\t\t\t\tCe qui fait de La Molisana une marque de p\u00e2tes si particuli\u00e8re, c'est son histoire de plus de 100 ans, sa cha\u00eene d'approvisionnement int\u00e9gr\u00e9e et le territoire pr\u00e9serv\u00e9 sur lequel elle op\u00e8re.\t\t\t\t\t<\/div>\n\t\t\t\t\n\t\t\t\t\t\t\t\t\t<div class=\"elementor-cta__button-wrapper elementor-cta__content-item elementor-content-item \">\n\t\t\t\t\t<span class=\"elementor-cta__button elementor-button elementor-size-\">\n\t\t\t\t\t\tEn savoir plus\t\t\t\t\t<\/span>\n\t\t\t\t\t<\/div>\n\t\t\t\t\t\t\t<\/div>\n\t\t\t\t\t\t<\/a>\n\t\t\t\t\t\t<\/div>\n\t\t\t\t<\/div>\n\t\t\t\t<div class=\"elementor-element elementor-element-4ebb96b elementor-cta--valign-bottom elementor-widget__width-initial elementor-cta--skin-classic elementor-animated-content elementor-bg-transform elementor-bg-transform-zoom-in elementor-widget elementor-widget-call-to-action\" data-id=\"4ebb96b\" data-element_type=\"widget\" data-e-type=\"widget\" data-widget_type=\"call-to-action.default\">\n\t\t\t\t<div class=\"elementor-widget-container\">\n\t\t\t\t\t\t\t<a class=\"elementor-cta\" href=\"https:\/\/www.lamolisana.it\/sostenibilita\/sostenibilita-alimentare\/\">\n\t\t\t\t\t<div class=\"elementor-cta__bg-wrapper\">\n\t\t\t\t<div class=\"elementor-cta__bg elementor-bg\" style=\"background-image: url(https:\/\/www.lamolisana.it\/wp-content\/uploads\/2025\/11\/box-sostenibilita-alimentare.webp);\" role=\"img\" aria-label=\"box-sostenibilita-alimentare\"><\/div>\n\t\t\t\t<div class=\"elementor-cta__bg-overlay\"><\/div>\n\t\t\t<\/div>\n\t\t\t\t\t\t\t<div class=\"elementor-cta__content\">\n\t\t\t\t\n\t\t\t\t\t\t\t\t\t<h2 class=\"elementor-cta__title elementor-cta__content-item elementor-content-item\">\n\t\t\t\t\t\tDurabilit\u00e9 alimentaire\t\t\t\t\t<\/h2>\n\t\t\t\t\n\t\t\t\t\t\t\t\t\t<div class=\"elementor-cta__description elementor-cta__content-item elementor-content-item\">\n\t\t\t\t\t\tPour une entreprise du secteur agroalimentaire, la durabilit\u00e9 alimentaire implique l'adoption d'un mod\u00e8le de production respectueux de l'environnement et socialement responsable, visant \u00e0 garantir la s\u00e9curit\u00e9 alimentaire et \u00e0 r\u00e9duire son impact environnemental lors de l'approvisionnement en mati\u00e8res premi\u00e8res.\t\t\t\t\t<\/div>\n\t\t\t\t\n\t\t\t\t\t\t\t\t\t<div class=\"elementor-cta__button-wrapper elementor-cta__content-item elementor-content-item \">\n\t\t\t\t\t<span class=\"elementor-cta__button elementor-button elementor-size-\">\n\t\t\t\t\t\tEn savoir plus\t\t\t\t\t<\/span>\n\t\t\t\t\t<\/div>\n\t\t\t\t\t\t\t<\/div>\n\t\t\t\t\t\t<\/a>\n\t\t\t\t\t\t<\/div>\n\t\t\t\t<\/div>\n\t\t\t\t<div class=\"elementor-element elementor-element-41cb4be elementor-cta--valign-bottom elementor-widget__width-initial elementor-cta--skin-classic elementor-animated-content elementor-bg-transform elementor-bg-transform-zoom-in elementor-widget elementor-widget-call-to-action\" data-id=\"41cb4be\" data-element_type=\"widget\" data-e-type=\"widget\" data-widget_type=\"call-to-action.default\">\n\t\t\t\t<div class=\"elementor-widget-container\">\n\t\t\t\t\t\t\t<a class=\"elementor-cta\" href=\"https:\/\/www.lamolisana.it\/sostenibilita\/sostenibilita-ambientale\/\">\n\t\t\t\t\t<div class=\"elementor-cta__bg-wrapper\">\n\t\t\t\t<div class=\"elementor-cta__bg elementor-bg\" style=\"background-image: url(https:\/\/www.lamolisana.it\/wp-content\/uploads\/2025\/11\/box-sostenibilita-ambientale.webp);\" role=\"img\" aria-label=\"box-sostenibilita-ambientale\"><\/div>\n\t\t\t\t<div class=\"elementor-cta__bg-overlay\"><\/div>\n\t\t\t<\/div>\n\t\t\t\t\t\t\t<div class=\"elementor-cta__content\">\n\t\t\t\t\n\t\t\t\t\t\t\t\t\t<h2 class=\"elementor-cta__title elementor-cta__content-item elementor-content-item\">\n\t\t\t\t\t\tDurabilit\u00e9 environnementale\t\t\t\t\t<\/h2>\n\t\t\t\t\n\t\t\t\t\t\t\t\t\t<div class=\"elementor-cta__description elementor-cta__content-item elementor-content-item\">\n\t\t\t\t\t\tLa Molisana s'engage constamment \u00e0 maintenir ses sites de production \u00e0 la pointe de la technologie tout au long de la cha\u00eene d'approvisionnement, du champ de bl\u00e9 aux p\u00e2tes, minimisant ainsi l'impact environnemental de la production.\t\t\t\t\t<\/div>\n\t\t\t\t\n\t\t\t\t\t\t\t\t\t<div class=\"elementor-cta__button-wrapper elementor-cta__content-item elementor-content-item \">\n\t\t\t\t\t<span class=\"elementor-cta__button elementor-button elementor-size-\">\n\t\t\t\t\t\tEn savoir plus\t\t\t\t\t<\/span>\n\t\t\t\t\t<\/div>\n\t\t\t\t\t\t\t<\/div>\n\t\t\t\t\t\t<\/a>\n\t\t\t\t\t\t<\/div>\n\t\t\t\t<\/div>\n\t\t\t\t<\/div>\n\t\t\t\t\t<\/div>\n\t\t\t\t<\/div>\n\t\t\t\t<\/div>\n\t\t","protected":false},"excerpt":{"rendered":"<p>Accueil D\u00e9veloppement durable Lettre aux parties prenantes R\u00e9sum\u00e9 Lettre aux parties prenantes Les crit\u00e8res d&rsquo;\u00e9laboration du rapport de durabilit\u00e9 Notre manifeste pour le d\u00e9veloppement durable Parties prenantes consult\u00e9es L&rsquo;historien fran\u00e7ais Fernand Braudel disait que l&rsquo;avoir \u00e9t\u00e9 est une condition de l&rsquo;\u00eatre. Si nous sommes l\u00e0, c&rsquo;est parce que d&rsquo;autres avant nous \u00e9taient l\u00e0, ont b\u00e2ti, [&hellip;]<\/p>\n","protected":false},"author":1,"featured_media":0,"parent":106251,"menu_order":0,"comment_status":"closed","ping_status":"closed","template":"elementor_header_footer","meta":{"_acf_changed":false,"yasr_overall_rating":0,"yasr_post_is_review":"","yasr_auto_insert_disabled":"","yasr_review_type":"","footnotes":""},"class_list":["post-106333","page","type-page","status-publish","hentry"],"acf":[],"yasr_visitor_votes":{"stars_attributes":{"read_only":false,"span_bottom":false},"number_of_votes":0,"sum_votes":0},"_links":{"self":[{"href":"https:\/\/www.lamolisana.it\/fr\/wp-json\/wp\/v2\/pages\/106333","targetHints":{"allow":["GET"]}}],"collection":[{"href":"https:\/\/www.lamolisana.it\/fr\/wp-json\/wp\/v2\/pages"}],"about":[{"href":"https:\/\/www.lamolisana.it\/fr\/wp-json\/wp\/v2\/types\/page"}],"author":[{"embeddable":true,"href":"https:\/\/www.lamolisana.it\/fr\/wp-json\/wp\/v2\/users\/1"}],"replies":[{"embeddable":true,"href":"https:\/\/www.lamolisana.it\/fr\/wp-json\/wp\/v2\/comments?post=106333"}],"version-history":[{"count":0,"href":"https:\/\/www.lamolisana.it\/fr\/wp-json\/wp\/v2\/pages\/106333\/revisions"}],"up":[{"embeddable":true,"href":"https:\/\/www.lamolisana.it\/fr\/wp-json\/wp\/v2\/pages\/106251"}],"wp:attachment":[{"href":"https:\/\/www.lamolisana.it\/fr\/wp-json\/wp\/v2\/media?parent=106333"}],"curies":[{"name":"wp","href":"https:\/\/api.w.org\/{rel}","templated":true}]}}